
{"id":16772,"date":"2025-04-14T17:14:29","date_gmt":"2025-04-14T20:14:29","guid":{"rendered":"https:\/\/climatlantic.ca\/evenements-2024\/"},"modified":"2025-08-25T11:29:51","modified_gmt":"2025-08-25T14:29:51","slug":"evenements-2024","status":"publish","type":"page","link":"https:\/\/climatlantic.ca\/fr\/evenements-2024\/","title":{"rendered":"\u00c9v\u00e9nements 2024"},"content":{"rendered":"<p>[et_pb_section fb_built=&#8221;1&#8243; admin_label=&#8221;Upcoming Events Section&#8221; _builder_version=&#8221;4.27.4&#8243; min_height=&#8221;329.9px&#8221; custom_margin=&#8221;||-415px||false|false&#8221; custom_padding=&#8221;||0px|||&#8221; da_disable_devices=&#8221;off|off|off&#8221; collapsed=&#8221;off&#8221; global_colors_info=&#8221;{}&#8221; da_is_popup=&#8221;off&#8221; da_exit_intent=&#8221;off&#8221; da_has_close=&#8221;on&#8221; da_alt_close=&#8221;off&#8221; da_dark_close=&#8221;off&#8221; da_not_modal=&#8221;on&#8221; da_is_singular=&#8221;off&#8221; da_with_loader=&#8221;off&#8221; da_has_shadow=&#8221;on&#8221;][et_pb_row _builder_version=&#8221;4.27.4&#8243; _module_preset=&#8221;default&#8221; global_colors_info=&#8221;{}&#8221;][et_pb_column type=&#8221;4_4&#8243; _builder_version=&#8221;4.27.4&#8243; _module_preset=&#8221;default&#8221; global_colors_info=&#8221;{}&#8221;][et_pb_text admin_label=&#8221;UPCOMING EVENTS HEADER&#8221; _builder_version=&#8221;4.27.4&#8243; _module_preset=&#8221;default&#8221; min_height=&#8221;6px&#8221; custom_margin=&#8221;||17px|||&#8221; custom_padding=&#8221;0px|||||&#8221; global_colors_info=&#8221;{}&#8221;]<\/p>\n<h1>\u00c9V\u00c9NEMENTS 2024<\/h1>\n<p>[\/et_pb_text][\/et_pb_column][\/et_pb_row][\/et_pb_section][et_pb_section fb_built=&#8221;1&#8243; admin_label=&#8221;Past Events Section&#8221; _builder_version=&#8221;4.27.4&#8243; _module_preset=&#8221;default&#8221; custom_padding=&#8221;3px|||||&#8221; da_disable_devices=&#8221;off|off|off&#8221; global_colors_info=&#8221;{}&#8221; da_is_popup=&#8221;off&#8221; da_exit_intent=&#8221;off&#8221; da_has_close=&#8221;on&#8221; da_alt_close=&#8221;off&#8221; da_dark_close=&#8221;off&#8221; da_not_modal=&#8221;on&#8221; da_is_singular=&#8221;off&#8221; da_with_loader=&#8221;off&#8221; da_has_shadow=&#8221;on&#8221;][et_pb_row admin_label=&#8221;\u00c9V\u00c9NEMENTS 2024&#8243; _builder_version=&#8221;4.27.2&#8243; _module_preset=&#8221;default&#8221; min_height=&#8221;97.8px&#8221; custom_padding=&#8221;||0px|||&#8221; global_colors_info=&#8221;{}&#8221;][et_pb_column type=&#8221;4_4&#8243; _builder_version=&#8221;4.27.2&#8243; _module_preset=&#8221;default&#8221; global_colors_info=&#8221;{}&#8221;][et_pb_divider _builder_version=&#8221;4.27.4&#8243; _module_preset=&#8221;default&#8221; custom_margin=&#8221;||11px|||&#8221; global_colors_info=&#8221;{}&#8221;][\/et_pb_divider][\/et_pb_column][\/et_pb_row][et_pb_row admin_label=&#8221;Climate Adaptation &#038; Resilience Training (CART) Information Session&#8221; _builder_version=&#8221;4.27.4&#8243; _module_preset=&#8221;default&#8221; min_height=&#8221;243px&#8221; custom_padding=&#8221;||1px|||&#8221; global_colors_info=&#8221;{}&#8221;][et_pb_column type=&#8221;4_4&#8243; _builder_version=&#8221;4.27.2&#8243; _module_preset=&#8221;default&#8221; global_colors_info=&#8221;{}&#8221;][et_pb_text _builder_version=&#8221;4.27.4&#8243; _module_preset=&#8221;default&#8221; text_font=&#8221;|&#8211;et_global_heading_font_weight|||||||&#8221; text_text_color=&#8221;#238ACA&#8221; header_text_color=&#8221;#238ACA&#8221; hover_enabled=&#8221;0&#8243; global_colors_info=&#8221;{}&#8221; sticky_enabled=&#8221;0&#8243;]<\/p>\n<h2>Session d&#8217;information sur l&#8217;Apprentissage\u2014Adaptation et R\u00e9silience Climatiques (AARC)<\/h2>\n<p><span style=\"color: #565656;\"><span style=\"font-weight: 400;\"><strong>Quand :\u00a0<\/strong>3 d\u00e9cembre 2024, \u00e0 12-13h (Atlantique)<\/span><\/span><\/p>\n<p><span style=\"color: #565656;\"><strong>O\u00f9 : <\/strong>En ligne sur Zoom<\/span><\/p>\n<p><span style=\"color: #565656;\"><span style=\"font-weight: 400;\"> Venez en apprendre davantage sur le programme, posez des questions et rencontrez les responsables de la cohorte provinciale et les personnes charg\u00e9es du soutien. L&#8217;interpr\u00e9tation en fran\u00e7ais sera offerte pendant la session. Vous avez manqu\u00e9 la session ? <\/span><\/span><\/p>\n<p><span style=\"color: #565656;\"><span style=\"font-weight: 400;\"><strong>Regardez l&#8217;enregistrement en <a href=\"https:\/\/youtu.be\/Rg8wsjNEsdU\" target=\"_blank\" rel=\"noopener\">anglais<\/a> ou en <a href=\"https:\/\/youtu.be\/Rg8wsjNEsdU\" target=\"_blank\" rel=\"noopener\">fran\u00e7ais<\/a>.<\/strong><\/span><\/span><\/p>\n<p>[\/et_pb_text][et_pb_divider _builder_version=&#8221;4.27.2&#8243; _module_preset=&#8221;default&#8221; custom_margin=&#8221;||0px||false|false&#8221; global_colors_info=&#8221;{}&#8221;][\/et_pb_divider][\/et_pb_column][\/et_pb_row][et_pb_row column_structure=&#8221;2_3,1_3&#8243; admin_label=&#8221;CLIMAtlantic\u2019s webinar series: Enhancing New Brunswick\u2019s Coastal Resilience Through Innovative Research&#8221; _builder_version=&#8221;4.27.2&#8243; _module_preset=&#8221;default&#8221; global_colors_info=&#8221;{}&#8221;][et_pb_column type=&#8221;2_3&#8243; _builder_version=&#8221;4.27.2&#8243; _module_preset=&#8221;default&#8221; global_colors_info=&#8221;{}&#8221;][et_pb_text admin_label=&#8221;Text&#8221; _builder_version=&#8221;4.27.4&#8243; _module_preset=&#8221;default&#8221; hover_enabled=&#8221;0&#8243; global_colors_info=&#8221;{}&#8221; sticky_enabled=&#8221;0&#8243;]<\/p>\n<h2>Webinaire : Renforcer la r\u00e9silience des littoraux du Nouveau-Brunswick par la recherche innovante<\/h2>\n<p><b>Quand :<\/b><span style=\"font-weight: 400;\"> 28 novembre 2024, \u00e0 12-12h30 (Atlantique)<\/span><\/p>\n<p><b>O\u00f9 :<\/b><span style=\"font-weight: 400;\"> En ligne sur Zoom<\/span><\/p>\n<p><span style=\"font-weight: 400;\">Nous sommes heureux\u00b7ses d\u2019accueillir Andr\u00e9 Robichaud, professeur de g\u00e9ographie \u00e0 l\u2019Universit\u00e9 de Moncton.<\/span><\/p>\n<p><span style=\"font-weight: 400;\">Les nouvelles recherches d\u2019Andr\u00e9 utilisent des techniques photogramm\u00e9triques et des drones pour d\u00e9terminer les taux d&#8217;\u00e9rosion, les zones \u00e0 risque et la r\u00e9silience des environnements naturels au Nouveau-Brunswick. Venez apprendre et discuter des efforts d&#8217;adaptation \u00e0 court et \u00e0 long terme pour renforcer la r\u00e9silience des littoraux.\u00a0<\/span><\/p>\n<p><strong>Regardez l&#8217;enregistrement en <a href=\"https:\/\/youtu.be\/AIwXYmn68aU?si=hfqTlr_XIFg5l312\" target=\"_blank\" rel=\"noopener\">anglais<\/a> ou en <a href=\"https:\/\/www.youtube.com\/watch?v=CaxFpfjq5ys\" target=\"_blank\" rel=\"noopener\">fran\u00e7ais<\/a>.<\/strong><\/p>\n<p>[\/et_pb_text][\/et_pb_column][et_pb_column type=&#8221;1_3&#8243; _builder_version=&#8221;4.27.2&#8243; _module_preset=&#8221;default&#8221; global_colors_info=&#8221;{}&#8221;][et_pb_image src=&#8221;https:\/\/climatlantic.ca\/wp\/wp-content\/uploads\/2024\/12\/Nov-28-Banner-FR-300&#215;169.png&#8221; title_text=&#8221;Nov 28 Banner FR&#8221; align=&#8221;center&#8221; force_fullwidth=&#8221;on&#8221; _builder_version=&#8221;4.27.4&#8243; _module_preset=&#8221;default&#8221; global_colors_info=&#8221;{}&#8221;][\/et_pb_image][\/et_pb_column][\/et_pb_row][et_pb_row admin_label=&#8221;\u00c9v\u00e9nements pass\u00e9s&#8221; _builder_version=&#8221;4.27.2&#8243; _module_preset=&#8221;default&#8221; global_colors_info=&#8221;{}&#8221;][et_pb_column type=&#8221;4_4&#8243; _builder_version=&#8221;4.27.2&#8243; _module_preset=&#8221;default&#8221; global_colors_info=&#8221;{}&#8221;][et_pb_divider _builder_version=&#8221;4.27.2&#8243; _module_preset=&#8221;default&#8221; custom_margin=&#8221;||0px||false|false&#8221; global_colors_info=&#8221;{}&#8221;][\/et_pb_divider][et_pb_text admin_label=&#8221;Idea Exchange: ECCC Funding &#8211; Nature Smart Climate Solutions Fund&#8221; _builder_version=&#8221;4.27.4&#8243; _module_preset=&#8221;default&#8221; min_height=&#8221;32px&#8221; custom_margin=&#8221;||17px|||&#8221; custom_padding=&#8221;0px||0px|||&#8221; global_colors_info=&#8221;{}&#8221;]<\/p>\n<h2>\u00c9change d\u2019id\u00e9es : Financement de l&#8217;ECCC -Fonds des solutions climatiques ax\u00e9es sur la nature<\/h2>\n<p dir=\"ltr\"><strong><\/strong><\/p>\n<p dir=\"ltr\"><strong><b>Le 18 novembre 2024 de 13:30 h \u00e0 15:30 h (Atlantique).<\/b><\/strong><\/p>\n<p dir=\"ltr\"><span>Nous avons organis\u00e9 un \u00e9change d&#8217;id\u00e9es bilingue en vue d&#8217;un prochain appel de soumissions relevant du Fonds pour des solutions climatiques ax\u00e9es sur la nature (Environnement et Changement climatique Canada). L\u2019appel de propositions s\u2019adresse aux organisations, y compris les gouvernements provinciaux, les municipalit\u00e9s, les ONG, les institutions acad\u00e9miques, les associations professionnelles\/industrielles et les organisations autochtones, qui souhaitent r\u00e9aliser des projets visant \u00e0 r\u00e9duire la perte d&#8217;\u00e9cosyst\u00e8mes riches en carbone, \u00e0 les restaurer ou \u00e0 en am\u00e9liorer la gestion. Ces projets b\u00e9n\u00e9ficieront \u00e9galement \u00e0 des habitats importants pour les oiseaux migrateurs, \u00e0 des esp\u00e8ces en p\u00e9ril et \u00e0 d&#8217;autres esp\u00e8ces ayant une importance culturelle et\/ou socio-\u00e9conomique pour les collectivit\u00e9s locales.<\/span><\/p>\n<p dir=\"ltr\">[\/et_pb_text][et_pb_divider _builder_version=&#8221;4.27.2&#8243; _module_preset=&#8221;default&#8221; custom_margin=&#8221;||0px||false|false&#8221; global_colors_info=&#8221;{}&#8221;][\/et_pb_divider][et_pb_text admin_label=&#8221;Idea Exchange: FCM Funding &#8211; Climate Ready Plans and Processes&#8221; _builder_version=&#8221;4.27.4&#8243; _module_preset=&#8221;default&#8221; min_height=&#8221;32px&#8221; custom_margin=&#8221;||17px|||&#8221; custom_padding=&#8221;0px||0px|||&#8221; global_colors_info=&#8221;{}&#8221;]<\/p>\n<h2>\u00c9change d\u2019id\u00e9es : Financement de la FCM -Plans et processus adapt\u00e9s au climat<\/h2>\n<p dir=\"ltr\"><strong><\/strong><\/p>\n<p dir=\"ltr\"><span>Le Fonds municipal vert de la F\u00e9d\u00e9ration canadienne des municipalit\u00e9s (FCM) a annonc\u00e9 que son volet de financement\u00a0<\/span><a href=\"https:\/\/fondsmunicipalvert.ca\/financement\/plans-processus-adaptes-au-climat\"><span>Plans et processus adapt\u00e9s au climat<\/span><\/a><span>\u00a0est maintenant ouverte \u00e0 recevoir des demandes. L&#8217;objectif de ce financement est d&#8217;aider les municipalit\u00e9s et les communaut\u00e9s autochtones \u00e0 \u00e9laborer des plans d&#8217;adaptation aux changements climatiques, des strat\u00e9gies de gestion des actifs ciblant le climat, des \u00e9valuations des risques climatiques \u00e0 l&#8217;\u00e9chelle de la collectivit\u00e9 et des initiatives de renforcement des capacit\u00e9s.\u00a0<\/span><\/p>\n<p dir=\"ltr\"><span>Pour aider les communaut\u00e9s de notre r\u00e9gion \u00e0 demander ce financement, CLIMAtlantic a organis\u00e9 une discussion virtuelle sur le financement. Cet appel a rassembl\u00e9 les communaut\u00e9s et les partenaires int\u00e9ress\u00e9s de toute la r\u00e9gion atlantique pour discuter de cette opportunit\u00e9 de financement.<\/span><\/p>\n<p dir=\"ltr\">[\/et_pb_text][et_pb_divider _builder_version=&#8221;4.27.2&#8243; _module_preset=&#8221;default&#8221; custom_margin=&#8221;||0px||false|false&#8221; global_colors_info=&#8221;{}&#8221;][\/et_pb_divider][et_pb_text admin_label=&#8221;Nova Scotia Climate Adaptation Community of Practice &#8211; Field Trip to Mahone Bay&#8221; _builder_version=&#8221;4.27.4&#8243; _module_preset=&#8221;default&#8221; min_height=&#8221;32px&#8221; custom_margin=&#8221;||17px|||&#8221; custom_padding=&#8221;0px||0px|||&#8221; hover_enabled=&#8221;0&#8243; global_colors_info=&#8221;{}&#8221; sticky_enabled=&#8221;0&#8243;]<\/p>\n<h2>Communaut\u00e9 de pratique sur l\u2019adaptation au climat en Nouvelle-\u00c9cosse \u2013 excursion \u00e0 Mahone Bay<\/h2>\n<p>La Communaut\u00e9 de pratique sur l\u2019adaptation au climat en Nouvelle-\u00c9cosse organise une excursion sur l\u2019adaptation c\u00f4ti\u00e8re \u00e0 Mahone Bay le <strong>25 octobre de 10h \u00e0 15h<\/strong>.<\/p>\n<p>Cette activit\u00e9 comprendra une pr\u00e9sentation du <a href=\"https:\/\/www.mahonebaylivingshoreline.com\/\" target=\"_blank\" rel=\"noopener\">littoral vivant de Mahone Bay<\/a>. Nous entendrons le t\u00e9moignage de membres d\u2019organisations qui font partie du projet et nous aurons l\u2019occasion d\u2019en apprendre davantage sur l\u2019adaptation c\u00f4ti\u00e8re dans la r\u00e9gion de Mahone Bay.<\/p>\n<p>&nbsp;<\/p>\n<p>[\/et_pb_text][et_pb_divider _builder_version=&#8221;4.27.2&#8243; _module_preset=&#8221;default&#8221; custom_margin=&#8221;||0px||false|false&#8221; global_colors_info=&#8221;{}&#8221;][\/et_pb_divider][\/et_pb_column][\/et_pb_row][et_pb_row column_structure=&#8221;2_3,1_3&#8243; admin_label=&#8221;CLIMAtlantic\u2019s webinar series: Living Shoreline in Dartmouth, Nova Scotia&#8221; _builder_version=&#8221;4.27.2&#8243; _module_preset=&#8221;default&#8221; global_colors_info=&#8221;{}&#8221;][et_pb_column type=&#8221;2_3&#8243; _builder_version=&#8221;4.27.2&#8243; _module_preset=&#8221;default&#8221; global_colors_info=&#8221;{}&#8221;][et_pb_text _builder_version=&#8221;4.27.4&#8243; _module_preset=&#8221;default&#8221; min_height=&#8221;32px&#8221; custom_margin=&#8221;||17px|||&#8221; custom_padding=&#8221;0px||0px|||&#8221; hover_enabled=&#8221;0&#8243; global_colors_info=&#8221;{}&#8221; sticky_enabled=&#8221;0&#8243;]<\/p>\n<h2>Webinaire : Rivage vivant \u00e0 Dartmouth, N\u00c9<\/h2>\n<p><b>When:<\/b><span style=\"font-weight: 400;\"> October 23, 2024, at 12-1 PM\u00a0 ADT<\/span><\/p>\n<p><span style=\"font-weight: 400;\">Nous lan\u00e7ons notre s\u00e9rie de webinaires avec une discussion sur le projet des rivages vivants du lac Banook \u00e0 Dartmouth, en Nouvelle-\u00c9cosse \u2212 le premier du genre dans la municipalit\u00e9 r\u00e9gionale d\u2019Halifax (MRH). Venez \u00e9couter Shauna Doll, sp\u00e9cialiste de l\u2019environnement \u00e0 la MRH, qui a \u00e9t\u00e9 l\u2019une des responsables du projet<\/span><span style=\"font-weight: 400;\">.<\/span><\/p>\n<p><strong>Regardez l&#8217;enregistrement en <a href=\"https:\/\/climatlantic.us5.list-manage.com\/track\/click?u=72c79b2c2d9d3150b41f1928b&amp;id=827c9263fc&amp;e=9eec22e927\" target=\"_blank\" rel=\"noopener\">anglais<\/a> ou en <a href=\"https:\/\/youtu.be\/1diUEzu2m1k\" target=\"_blank\" rel=\"noopener\">fran\u00e7ais<\/a>.<\/strong><\/p>\n<p>[\/et_pb_text][\/et_pb_column][et_pb_column type=&#8221;1_3&#8243; _builder_version=&#8221;4.27.2&#8243; _module_preset=&#8221;default&#8221; global_colors_info=&#8221;{}&#8221;][et_pb_image src=&#8221;https:\/\/climatlantic.ca\/wp\/wp-content\/uploads\/2024\/11\/2-300&#215;169.png&#8221; alt=&#8221;Banni\u00e8re de la s\u00e9rie de webinaires et photo de Shauna Doll&#8221; title_text=&#8221;Banni\u00e8re de la s\u00e9rie de webinaires et photo de Shauna Doll&#8221; align=&#8221;center&#8221; _builder_version=&#8221;4.27.4&#8243; _module_preset=&#8221;default&#8221; width=&#8221;100%&#8221; max_width=&#8221;100%&#8221; global_colors_info=&#8221;{}&#8221;][\/et_pb_image][\/et_pb_column][\/et_pb_row][et_pb_row admin_label=&#8221;\u00c9v\u00e9nements pass\u00e9s&#8221; _builder_version=&#8221;4.16&#8243; background_size=&#8221;initial&#8221; background_position=&#8221;top_left&#8221; background_repeat=&#8221;repeat&#8221; min_height=&#8221;287.2px&#8221; custom_padding=&#8221;8px||0px|||&#8221; collapsed=&#8221;on&#8221; global_colors_info=&#8221;{}&#8221;][et_pb_column type=&#8221;4_4&#8243; _builder_version=&#8221;4.16&#8243; custom_padding=&#8221;|||&#8221; global_colors_info=&#8221;{}&#8221; custom_padding__hover=&#8221;|||&#8221;][et_pb_divider _builder_version=&#8221;4.27.2&#8243; _module_preset=&#8221;default&#8221; custom_margin=&#8221;||0px||false|false&#8221; global_colors_info=&#8221;{}&#8221;][\/et_pb_divider][et_pb_text _builder_version=&#8221;4.27.4&#8243; _module_preset=&#8221;default&#8221; min_height=&#8221;32px&#8221; custom_margin=&#8221;||17px|||&#8221; custom_padding=&#8221;0px||0px|||&#8221; global_colors_info=&#8221;{}&#8221;]<\/p>\n<h2>\u00c9change d\u2019id\u00e9es \u2013 ADAPTATIONChaleur<\/h2>\n<p><span style=\"font-weight: 400;\">Nous avons organis\u00e9 un \u00e9change d&#8217;id\u00e9es en ligne pour les organisations int\u00e9ress\u00e9es par le financement de <a href=\"https:\/\/www.canada.ca\/fr\/sante-canada\/services\/changements-climatiques-sante\/occasions-financement-programme-renforcement-capacites-adaptation.html\" target=\"_blank\" rel=\"noopener\">ADAPTATIONChaleur par Sant\u00e9 Canada<\/a><\/span><span style=\"font-weight: 400;\"><a href=\"https:\/\/www.canada.ca\/en\/health-canada\/services\/climate-change-health\/capacity-building-program-funding-opportunities.html\" target=\"_blank\" rel=\"noopener\">\u00a0<\/a>le<\/span><b> 13 ao\u00fbt 2024. <\/b><span style=\"font-weight: 400;\"><br \/><\/span><span style=\"font-weight: 400;\"><\/span><\/p>\n<p>[\/et_pb_text][et_pb_divider _builder_version=&#8221;4.25.0&#8243; _module_preset=&#8221;default&#8221; global_colors_info=&#8221;{}&#8221;][\/et_pb_divider][et_pb_text _builder_version=&#8221;4.27.4&#8243; _module_preset=&#8221;default&#8221; min_height=&#8221;32px&#8221; custom_margin=&#8221;||17px|||&#8221; custom_padding=&#8221;0px||0px|||&#8221; global_colors_info=&#8221;{}&#8221;]<\/p>\n<h2>\u00c9change d\u2019id\u00e9es \u2013 Leadership local pour l\u2019adaptation climatique<\/h2>\n<p><span style=\"font-weight: 400;\">Nous avons organis\u00e9 un \u00e9change d&#8217;id\u00e9es en ligne pour les organisations d\u00e9sireuses de faire une demande de <\/span><a href=\"https:\/\/fondsmunicipalvert.ca\/subventions-aux-partenaires-pour-le-renforcement-des-capacites\"><span style=\"font-weight: 400;\">subvention pour le renforcement des capacit\u00e9s des partenaires dans le cadre du LLAC<\/span> <span style=\"font-weight: 400;\"> le<\/span><b> 10 juillet 2024. <\/b><span style=\"font-weight: 400;\"><br \/><\/span><span style=\"font-weight: 400;\"><\/span><\/a><\/p>\n<p>[\/et_pb_text][et_pb_divider _builder_version=&#8221;4.25.0&#8243; _module_preset=&#8221;default&#8221; global_colors_info=&#8221;{}&#8221;][\/et_pb_divider][et_pb_text _builder_version=&#8221;4.24.2&#8243; _module_preset=&#8221;default&#8221; min_height=&#8221;32px&#8221; custom_margin=&#8221;||17px|||&#8221; custom_padding=&#8221;0px||0px|||&#8221; global_colors_info=&#8221;{}&#8221;]<\/p>\n<h2>Communaut\u00e9 de pratique sur l&#8217;adaptation au climat de la Nouvelle-\u00c9cosse<\/h2>\n<p>[\/et_pb_text][et_pb_text admin_label=&#8221;Text&#8221; _builder_version=&#8221;4.25.0&#8243; background_size=&#8221;initial&#8221; background_position=&#8221;top_left&#8221; background_repeat=&#8221;repeat&#8221; width=&#8221;100%&#8221; custom_margin=&#8221;||||false|false&#8221; custom_margin_tablet=&#8221;&#8221; custom_margin_phone=&#8221;&#8221; custom_margin_last_edited=&#8221;on|phone&#8221; custom_padding=&#8221;||0px||false|false&#8221; global_colors_info=&#8221;{}&#8221;]<\/p>\n<p><span style=\"font-weight: 400;\">Le <strong>2 mai 2024<\/strong>, nous avons organis\u00e9 une journ\u00e9e enti\u00e8re de r\u00e9seautage, de collaboration et d\u2019apprentissage mutuel lors de notre premier \u00e9v\u00e9nement de la communaut\u00e9 de pratique sur l\u2019adaptation au changement climatique en Nouvelle-\u00c9cosse. Cette activit\u00e9 \u00e9tait destin\u00e9e aux personnes travaillant sur l\u2019adaptation au changement climatique en Nouvelle-\u00c9cosse.<\/span><\/p>\n<p>[\/et_pb_text][et_pb_divider _builder_version=&#8221;4.25.0&#8243; _module_preset=&#8221;default&#8221; global_colors_info=&#8221;{}&#8221;][\/et_pb_divider][\/et_pb_column][\/et_pb_row][\/et_pb_section]<\/p>\n","protected":false},"excerpt":{"rendered":"<p>\u00c9V\u00c9NEMENTS 2024Session d&#8217;information sur l&#8217;Apprentissage\u2014Adaptation et R\u00e9silience Climatiques (AARC) Quand :\u00a03 d\u00e9cembre 2024, \u00e0 12-13h (Atlantique) O\u00f9 : En ligne sur Zoom Venez en apprendre davantage sur le programme, posez des questions et rencontrez les responsables de la cohorte provinciale et les personnes charg\u00e9es du soutien. L&#8217;interpr\u00e9tation en fran\u00e7ais sera offerte pendant la session. Vous [&hellip;]<\/p>\n","protected":false},"author":1,"featured_media":0,"parent":0,"menu_order":0,"comment_status":"closed","ping_status":"closed","template":"","meta":{"_acf_changed":false,"_et_pb_use_builder":"on","_et_pb_old_content":"","_et_gb_content_width":"","footnotes":""},"categories":[],"tags":[],"class_list":["post-16772","page","type-page","status-publish","hentry"],"acf":[],"yoast_head":"<!-- This site is optimized with the Yoast SEO plugin v27.5 - https:\/\/yoast.com\/product\/yoast-seo-wordpress\/ -->\n<title>\u00c9v\u00e9nements 2024 - CLIMAtlantic<\/title>\n<meta name=\"robots\" content=\"index, follow, max-snippet:-1, max-image-preview:large, max-video-preview:-1\" \/>\n<link rel=\"canonical\" href=\"https:\/\/climatlantic.ca\/fr\/evenements-2024\/\" \/>\n<meta property=\"og:locale\" content=\"fr_FR\" \/>\n<meta property=\"og:type\" content=\"article\" \/>\n<meta property=\"og:title\" content=\"\u00c9v\u00e9nements 2024 - CLIMAtlantic\" \/>\n<meta property=\"og:description\" content=\"\u00c9V\u00c9NEMENTS 2024Session d&#039;information sur l&#039;Apprentissage\u2014Adaptation et R\u00e9silience Climatiques (AARC) Quand :\u00a03 d\u00e9cembre 2024, \u00e0 12-13h (Atlantique) O\u00f9 : En ligne sur Zoom Venez en apprendre davantage sur le programme, posez des questions et rencontrez les responsables de la cohorte provinciale et les personnes charg\u00e9es du soutien. L&#039;interpr\u00e9tation en fran\u00e7ais sera offerte pendant la session. Vous [&hellip;]\" \/>\n<meta property=\"og:url\" content=\"https:\/\/climatlantic.ca\/fr\/evenements-2024\/\" \/>\n<meta property=\"og:site_name\" content=\"CLIMAtlantic\" \/>\n<meta property=\"article:publisher\" content=\"https:\/\/www.facebook.com\/CLIMAtlanticInc\/\" \/>\n<meta property=\"article:modified_time\" content=\"2025-08-25T14:29:51+00:00\" \/>\n<meta name=\"twitter:card\" content=\"summary_large_image\" \/>\n<meta name=\"twitter:label1\" content=\"Dur\u00e9e de lecture estim\u00e9e\" \/>\n\t<meta name=\"twitter:data1\" content=\"9 minutes\" \/>\n<script type=\"application\/ld+json\" class=\"yoast-schema-graph\">{\"@context\":\"https:\\\/\\\/schema.org\",\"@graph\":[{\"@type\":\"WebPage\",\"@id\":\"https:\\\/\\\/climatlantic.ca\\\/fr\\\/evenements-2024\\\/\",\"url\":\"https:\\\/\\\/climatlantic.ca\\\/fr\\\/evenements-2024\\\/\",\"name\":\"\u00c9v\u00e9nements 2024 - CLIMAtlantic\",\"isPartOf\":{\"@id\":\"https:\\\/\\\/climatlantic.ca\\\/fr\\\/#website\"},\"datePublished\":\"2025-04-14T20:14:29+00:00\",\"dateModified\":\"2025-08-25T14:29:51+00:00\",\"breadcrumb\":{\"@id\":\"https:\\\/\\\/climatlantic.ca\\\/fr\\\/evenements-2024\\\/#breadcrumb\"},\"inLanguage\":\"fr-FR\",\"potentialAction\":[{\"@type\":\"ReadAction\",\"target\":[\"https:\\\/\\\/climatlantic.ca\\\/fr\\\/evenements-2024\\\/\"]}]},{\"@type\":\"BreadcrumbList\",\"@id\":\"https:\\\/\\\/climatlantic.ca\\\/fr\\\/evenements-2024\\\/#breadcrumb\",\"itemListElement\":[{\"@type\":\"ListItem\",\"position\":1,\"name\":\"Home\",\"item\":\"https:\\\/\\\/climatlantic.ca\\\/fr\\\/\"},{\"@type\":\"ListItem\",\"position\":2,\"name\":\"\u00c9v\u00e9nements 2024\"}]},{\"@type\":\"WebSite\",\"@id\":\"https:\\\/\\\/climatlantic.ca\\\/fr\\\/#website\",\"url\":\"https:\\\/\\\/climatlantic.ca\\\/fr\\\/\",\"name\":\"Climatlantic\",\"description\":\"Enhancing Atlantic Climate Resilience\",\"publisher\":{\"@id\":\"https:\\\/\\\/climatlantic.ca\\\/fr\\\/#organization\"},\"potentialAction\":[{\"@type\":\"SearchAction\",\"target\":{\"@type\":\"EntryPoint\",\"urlTemplate\":\"https:\\\/\\\/climatlantic.ca\\\/fr\\\/?s={search_term_string}\"},\"query-input\":{\"@type\":\"PropertyValueSpecification\",\"valueRequired\":true,\"valueName\":\"search_term_string\"}}],\"inLanguage\":\"fr-FR\"},{\"@type\":\"Organization\",\"@id\":\"https:\\\/\\\/climatlantic.ca\\\/fr\\\/#organization\",\"name\":\"CLIMAtlantic\",\"url\":\"https:\\\/\\\/climatlantic.ca\\\/fr\\\/\",\"logo\":{\"@type\":\"ImageObject\",\"inLanguage\":\"fr-FR\",\"@id\":\"https:\\\/\\\/climatlantic.ca\\\/fr\\\/#\\\/schema\\\/logo\\\/image\\\/\",\"url\":\"https:\\\/\\\/climatlantic.ca\\\/wp\\\/wp-content\\\/uploads\\\/2021\\\/07\\\/cropped-Climatlantic_Favicon.png\",\"contentUrl\":\"https:\\\/\\\/climatlantic.ca\\\/wp\\\/wp-content\\\/uploads\\\/2021\\\/07\\\/cropped-Climatlantic_Favicon.png\",\"width\":512,\"height\":512,\"caption\":\"CLIMAtlantic\"},\"image\":{\"@id\":\"https:\\\/\\\/climatlantic.ca\\\/fr\\\/#\\\/schema\\\/logo\\\/image\\\/\"},\"sameAs\":[\"https:\\\/\\\/www.facebook.com\\\/CLIMAtlanticInc\\\/\",\"http:\\\/\\\/instagram.com\\\/climatlantic\",\"https:\\\/\\\/www.linkedin.com\\\/company\\\/climatlantic\\\/\"]}]}<\/script>\n<!-- \/ Yoast SEO plugin. -->","yoast_head_json":{"title":"\u00c9v\u00e9nements 2024 - CLIMAtlantic","robots":{"index":"index","follow":"follow","max-snippet":"max-snippet:-1","max-image-preview":"max-image-preview:large","max-video-preview":"max-video-preview:-1"},"canonical":"https:\/\/climatlantic.ca\/fr\/evenements-2024\/","og_locale":"fr_FR","og_type":"article","og_title":"\u00c9v\u00e9nements 2024 - CLIMAtlantic","og_description":"\u00c9V\u00c9NEMENTS 2024Session d'information sur l'Apprentissage\u2014Adaptation et R\u00e9silience Climatiques (AARC) Quand :\u00a03 d\u00e9cembre 2024, \u00e0 12-13h (Atlantique) O\u00f9 : En ligne sur Zoom Venez en apprendre davantage sur le programme, posez des questions et rencontrez les responsables de la cohorte provinciale et les personnes charg\u00e9es du soutien. L'interpr\u00e9tation en fran\u00e7ais sera offerte pendant la session. Vous [&hellip;]","og_url":"https:\/\/climatlantic.ca\/fr\/evenements-2024\/","og_site_name":"CLIMAtlantic","article_publisher":"https:\/\/www.facebook.com\/CLIMAtlanticInc\/","article_modified_time":"2025-08-25T14:29:51+00:00","twitter_card":"summary_large_image","twitter_misc":{"Dur\u00e9e de lecture estim\u00e9e":"9 minutes"},"schema":{"@context":"https:\/\/schema.org","@graph":[{"@type":"WebPage","@id":"https:\/\/climatlantic.ca\/fr\/evenements-2024\/","url":"https:\/\/climatlantic.ca\/fr\/evenements-2024\/","name":"\u00c9v\u00e9nements 2024 - CLIMAtlantic","isPartOf":{"@id":"https:\/\/climatlantic.ca\/fr\/#website"},"datePublished":"2025-04-14T20:14:29+00:00","dateModified":"2025-08-25T14:29:51+00:00","breadcrumb":{"@id":"https:\/\/climatlantic.ca\/fr\/evenements-2024\/#breadcrumb"},"inLanguage":"fr-FR","potentialAction":[{"@type":"ReadAction","target":["https:\/\/climatlantic.ca\/fr\/evenements-2024\/"]}]},{"@type":"BreadcrumbList","@id":"https:\/\/climatlantic.ca\/fr\/evenements-2024\/#breadcrumb","itemListElement":[{"@type":"ListItem","position":1,"name":"Home","item":"https:\/\/climatlantic.ca\/fr\/"},{"@type":"ListItem","position":2,"name":"\u00c9v\u00e9nements 2024"}]},{"@type":"WebSite","@id":"https:\/\/climatlantic.ca\/fr\/#website","url":"https:\/\/climatlantic.ca\/fr\/","name":"Climatlantic","description":"Enhancing Atlantic Climate Resilience","publisher":{"@id":"https:\/\/climatlantic.ca\/fr\/#organization"},"potentialAction":[{"@type":"SearchAction","target":{"@type":"EntryPoint","urlTemplate":"https:\/\/climatlantic.ca\/fr\/?s={search_term_string}"},"query-input":{"@type":"PropertyValueSpecification","valueRequired":true,"valueName":"search_term_string"}}],"inLanguage":"fr-FR"},{"@type":"Organization","@id":"https:\/\/climatlantic.ca\/fr\/#organization","name":"CLIMAtlantic","url":"https:\/\/climatlantic.ca\/fr\/","logo":{"@type":"ImageObject","inLanguage":"fr-FR","@id":"https:\/\/climatlantic.ca\/fr\/#\/schema\/logo\/image\/","url":"https:\/\/climatlantic.ca\/wp\/wp-content\/uploads\/2021\/07\/cropped-Climatlantic_Favicon.png","contentUrl":"https:\/\/climatlantic.ca\/wp\/wp-content\/uploads\/2021\/07\/cropped-Climatlantic_Favicon.png","width":512,"height":512,"caption":"CLIMAtlantic"},"image":{"@id":"https:\/\/climatlantic.ca\/fr\/#\/schema\/logo\/image\/"},"sameAs":["https:\/\/www.facebook.com\/CLIMAtlanticInc\/","http:\/\/instagram.com\/climatlantic","https:\/\/www.linkedin.com\/company\/climatlantic\/"]}]}},"_links":{"self":[{"href":"https:\/\/climatlantic.ca\/fr\/wp-json\/wp\/v2\/pages\/16772","targetHints":{"allow":["GET"]}}],"collection":[{"href":"https:\/\/climatlantic.ca\/fr\/wp-json\/wp\/v2\/pages"}],"about":[{"href":"https:\/\/climatlantic.ca\/fr\/wp-json\/wp\/v2\/types\/page"}],"author":[{"embeddable":true,"href":"https:\/\/climatlantic.ca\/fr\/wp-json\/wp\/v2\/users\/1"}],"replies":[{"embeddable":true,"href":"https:\/\/climatlantic.ca\/fr\/wp-json\/wp\/v2\/comments?post=16772"}],"version-history":[{"count":5,"href":"https:\/\/climatlantic.ca\/fr\/wp-json\/wp\/v2\/pages\/16772\/revisions"}],"predecessor-version":[{"id":17969,"href":"https:\/\/climatlantic.ca\/fr\/wp-json\/wp\/v2\/pages\/16772\/revisions\/17969"}],"wp:attachment":[{"href":"https:\/\/climatlantic.ca\/fr\/wp-json\/wp\/v2\/media?parent=16772"}],"wp:term":[{"taxonomy":"category","embeddable":true,"href":"https:\/\/climatlantic.ca\/fr\/wp-json\/wp\/v2\/categories?post=16772"},{"taxonomy":"post_tag","embeddable":true,"href":"https:\/\/climatlantic.ca\/fr\/wp-json\/wp\/v2\/tags?post=16772"}],"curies":[{"name":"wp","href":"https:\/\/api.w.org\/{rel}","templated":true}]}}