
{"id":20092,"date":"2026-01-27T15:38:33","date_gmt":"2026-01-27T19:38:33","guid":{"rendered":"https:\/\/climatlantic.ca\/?page_id=20092"},"modified":"2026-04-22T09:53:48","modified_gmt":"2026-04-22T12:53:48","slug":"croissance-de-la-canopee-des-collectivites-canadiennes","status":"publish","type":"page","link":"https:\/\/climatlantic.ca\/fr\/outils\/possibilites-financement\/croissance-de-la-canopee-des-collectivites-canadiennes\/","title":{"rendered":"Croissance de la canop\u00e9e des collectivit\u00e9s canadiennes"},"content":{"rendered":"<p>[et_pb_section fb_built=&#8221;1&#8243; _builder_version=&#8221;4.21.0&#8243; _module_preset=&#8221;default&#8221; da_disable_devices=&#8221;off|off|off&#8221; global_colors_info=&#8221;{}&#8221; da_is_popup=&#8221;off&#8221; da_exit_intent=&#8221;off&#8221; da_has_close=&#8221;on&#8221; da_alt_close=&#8221;off&#8221; da_dark_close=&#8221;off&#8221; da_not_modal=&#8221;on&#8221; da_is_singular=&#8221;off&#8221; da_with_loader=&#8221;off&#8221; da_has_shadow=&#8221;on&#8221;][et_pb_row _builder_version=&#8221;4.21.0&#8243; _module_preset=&#8221;default&#8221; global_colors_info=&#8221;{}&#8221;][et_pb_column type=&#8221;4_4&#8243; _builder_version=&#8221;4.21.0&#8243; _module_preset=&#8221;default&#8221; global_colors_info=&#8221;{}&#8221;][et_pb_image src=&#8221;https:\/\/climatlantic.ca\/wp\/wp-content\/uploads\/2026\/01\/Screenshot-2026-01-27-110801.jpg&#8221; alt=&#8221;Image d&#039;un quartier avec de nombreux arbres de diff\u00e9rentes couleurs&#8221; title_text=&#8221;Screenshot 2026-01-27 110801&#8243; url=&#8221;https:\/\/fondsmunicipalvert.ca\/arbres&#8221; url_new_window=&#8221;on&#8221; align=&#8221;center&#8221; _builder_version=&#8221;4.27.5&#8243; _module_preset=&#8221;default&#8221; max_width=&#8221;100%&#8221; custom_margin=&#8221;||12px||false|false&#8221; custom_padding=&#8221;|||0px||&#8221; global_colors_info=&#8221;{}&#8221;][\/et_pb_image][et_pb_text _builder_version=&#8221;4.27.6&#8243; _module_preset=&#8221;default&#8221; link_option_url_new_window=&#8221;on&#8221; hover_enabled=&#8221;0&#8243; global_colors_info=&#8221;{}&#8221; sticky_enabled=&#8221;0&#8243;]<\/p>\n<div class=\"et_pb_column et_pb_column_4_4 et_pb_column_19  et_pb_css_mix_blend_mode_passthrough et-last-child\">\n<div class=\"et_pb_module et_pb_text et_pb_text_18  et_pb_text_align_left et_pb_bg_layout_light\">\n<h4 class=\"et_pb_text_inner\"><a href=\"https:\/\/fondsmunicipalvert.ca\/arbres\"><strong>Croissance de la canop\u00e9e des collectivit\u00e9s canadiennes<\/strong><\/a><\/h4>\n<p>&nbsp;<\/p>\n<p>&nbsp;<\/p>\n<\/div>\n<p><\/div>\n<p><\/p>\n<p>Ce programme de plantation d\u2019arbres et de foresterie urbaine de la F\u00e9d\u00e9ration canadienne des municipalit\u00e9s vise \u00e0 accro\u00eetre la canop\u00e9e dans les collectivit\u00e9s d\u2019un bout \u00e0 l\u2019autre du Canada.<\/p>\n<p><\/p>\n<p>Le programme comporte deux volets de financement :<\/p>\n<p><\/p>\n<ul>\n<li><strong>Plantation d\u2019arbres :<\/strong> ce volet appuie les projets de plantation d\u2019arbres dans les collectivit\u00e9s petites et grandes, y compris les collectivit\u00e9s \u00e9loign\u00e9es ou celles situ\u00e9es dans les zones rurales. Les candidatures doivent \u00eatre d\u00e9pos\u00e9es avant le 16 juin 2026.<\/li>\n<li><strong>Plans et \u00e9tudes de foresterie urbaine :<\/strong> ce volet du programme vise \u00e0 accro\u00eetre la capacit\u00e9 des collectivit\u00e9s urbaines \u00e0 g\u00e9rer strat\u00e9giquement leur couvert forestier. La date limite de d\u00e9p\u00f4t des candidatures \u00e9tait fix\u00e9e au 15 avril 2026.<\/li>\n<\/ul>\n<p>[\/et_pb_text][et_pb_button button_url=&#8221;@ET-DC@eyJkeW5hbWljIjp0cnVlLCJjb250ZW50IjoicG9zdF9saW5rX3VybF9wYWdlIiwic2V0dGluZ3MiOnsicG9zdF9pZCI6IjY2ODIifX0=@&#8221; button_text=&#8221;RETOUR AUX OPPORTUNIT\u00c9S DE FINANCEMENT&#8221; _builder_version=&#8221;4.21.0&#8243; _dynamic_attributes=&#8221;button_url&#8221; _module_preset=&#8221;default&#8221; custom_margin=&#8221;-12px||||false|false&#8221; custom_padding=&#8221;||||false|false&#8221; global_colors_info=&#8221;{}&#8221;][\/et_pb_button][\/et_pb_column][\/et_pb_row][\/et_pb_section]<\/p>\n","protected":false},"excerpt":{"rendered":"<p>Croissance de la canop\u00e9e des collectivit\u00e9s canadiennes &nbsp; &nbsp; Ce programme de plantation d\u2019arbres et de foresterie urbaine de la F\u00e9d\u00e9ration canadienne des municipalit\u00e9s vise \u00e0 accro\u00eetre la canop\u00e9e dans les collectivit\u00e9s d\u2019un bout \u00e0 l\u2019autre du Canada.Le programme comporte deux volets de financement : Plantation d\u2019arbres : ce volet appuie les projets de plantation [&hellip;]<\/p>\n","protected":false},"author":50,"featured_media":0,"parent":7052,"menu_order":0,"comment_status":"closed","ping_status":"closed","template":"","meta":{"_acf_changed":false,"_et_pb_use_builder":"on","_et_pb_old_content":"","_et_gb_content_width":"","footnotes":""},"categories":[],"tags":[],"class_list":["post-20092","page","type-page","status-publish","hentry"],"acf":[],"yoast_head":"<!-- This site is optimized with the Yoast SEO plugin v27.5 - https:\/\/yoast.com\/product\/yoast-seo-wordpress\/ -->\n<title>Croissance de la canop\u00e9e des collectivit\u00e9s canadiennes - CLIMAtlantic<\/title>\n<meta name=\"robots\" content=\"index, follow, max-snippet:-1, max-image-preview:large, max-video-preview:-1\" \/>\n<link rel=\"canonical\" href=\"https:\/\/climatlantic.ca\/fr\/outils\/possibilites-financement\/croissance-de-la-canopee-des-collectivites-canadiennes\/\" \/>\n<meta property=\"og:locale\" content=\"fr_FR\" \/>\n<meta property=\"og:type\" content=\"article\" \/>\n<meta property=\"og:title\" content=\"Croissance de la canop\u00e9e des collectivit\u00e9s canadiennes - CLIMAtlantic\" \/>\n<meta property=\"og:description\" content=\"Croissance de la canop\u00e9e des collectivit\u00e9s canadiennes &nbsp; &nbsp; Ce programme de plantation d\u2019arbres et de foresterie urbaine de la F\u00e9d\u00e9ration canadienne des municipalit\u00e9s vise \u00e0 accro\u00eetre la canop\u00e9e dans les collectivit\u00e9s d\u2019un bout \u00e0 l\u2019autre du Canada.Le programme comporte deux volets de financement : Plantation d\u2019arbres : ce volet appuie les projets de plantation [&hellip;]\" \/>\n<meta property=\"og:url\" content=\"https:\/\/climatlantic.ca\/fr\/outils\/possibilites-financement\/croissance-de-la-canopee-des-collectivites-canadiennes\/\" \/>\n<meta property=\"og:site_name\" content=\"CLIMAtlantic\" \/>\n<meta property=\"article:publisher\" content=\"https:\/\/www.facebook.com\/CLIMAtlanticInc\/\" \/>\n<meta property=\"article:modified_time\" content=\"2026-04-22T12:53:48+00:00\" \/>\n<meta name=\"twitter:card\" content=\"summary_large_image\" \/>\n<meta name=\"twitter:label1\" content=\"Dur\u00e9e de lecture estim\u00e9e\" \/>\n\t<meta name=\"twitter:data1\" content=\"2 minutes\" \/>\n<script type=\"application\/ld+json\" class=\"yoast-schema-graph\">{\"@context\":\"https:\\\/\\\/schema.org\",\"@graph\":[{\"@type\":\"WebPage\",\"@id\":\"https:\\\/\\\/climatlantic.ca\\\/fr\\\/outils\\\/possibilites-financement\\\/croissance-de-la-canopee-des-collectivites-canadiennes\\\/\",\"url\":\"https:\\\/\\\/climatlantic.ca\\\/fr\\\/outils\\\/possibilites-financement\\\/croissance-de-la-canopee-des-collectivites-canadiennes\\\/\",\"name\":\"Croissance de la canop\u00e9e des collectivit\u00e9s canadiennes - CLIMAtlantic\",\"isPartOf\":{\"@id\":\"https:\\\/\\\/climatlantic.ca\\\/fr\\\/#website\"},\"datePublished\":\"2026-01-27T19:38:33+00:00\",\"dateModified\":\"2026-04-22T12:53:48+00:00\",\"breadcrumb\":{\"@id\":\"https:\\\/\\\/climatlantic.ca\\\/fr\\\/outils\\\/possibilites-financement\\\/croissance-de-la-canopee-des-collectivites-canadiennes\\\/#breadcrumb\"},\"inLanguage\":\"fr-FR\",\"potentialAction\":[{\"@type\":\"ReadAction\",\"target\":[\"https:\\\/\\\/climatlantic.ca\\\/fr\\\/outils\\\/possibilites-financement\\\/croissance-de-la-canopee-des-collectivites-canadiennes\\\/\"]}]},{\"@type\":\"BreadcrumbList\",\"@id\":\"https:\\\/\\\/climatlantic.ca\\\/fr\\\/outils\\\/possibilites-financement\\\/croissance-de-la-canopee-des-collectivites-canadiennes\\\/#breadcrumb\",\"itemListElement\":[{\"@type\":\"ListItem\",\"position\":1,\"name\":\"Home\",\"item\":\"https:\\\/\\\/climatlantic.ca\\\/fr\\\/\"},{\"@type\":\"ListItem\",\"position\":2,\"name\":\"Outils\",\"item\":\"https:\\\/\\\/climatlantic.ca\\\/fr\\\/tools\\\/\"},{\"@type\":\"ListItem\",\"position\":3,\"name\":\"Possibilit\u00e9s de financement\",\"item\":\"https:\\\/\\\/climatlantic.ca\\\/fr\\\/outils\\\/possibilites-financement\\\/\"},{\"@type\":\"ListItem\",\"position\":4,\"name\":\"Croissance de la canop\u00e9e des collectivit\u00e9s canadiennes\"}]},{\"@type\":\"WebSite\",\"@id\":\"https:\\\/\\\/climatlantic.ca\\\/fr\\\/#website\",\"url\":\"https:\\\/\\\/climatlantic.ca\\\/fr\\\/\",\"name\":\"Climatlantic\",\"description\":\"Enhancing Atlantic Climate Resilience\",\"publisher\":{\"@id\":\"https:\\\/\\\/climatlantic.ca\\\/fr\\\/#organization\"},\"potentialAction\":[{\"@type\":\"SearchAction\",\"target\":{\"@type\":\"EntryPoint\",\"urlTemplate\":\"https:\\\/\\\/climatlantic.ca\\\/fr\\\/?s={search_term_string}\"},\"query-input\":{\"@type\":\"PropertyValueSpecification\",\"valueRequired\":true,\"valueName\":\"search_term_string\"}}],\"inLanguage\":\"fr-FR\"},{\"@type\":\"Organization\",\"@id\":\"https:\\\/\\\/climatlantic.ca\\\/fr\\\/#organization\",\"name\":\"CLIMAtlantic\",\"url\":\"https:\\\/\\\/climatlantic.ca\\\/fr\\\/\",\"logo\":{\"@type\":\"ImageObject\",\"inLanguage\":\"fr-FR\",\"@id\":\"https:\\\/\\\/climatlantic.ca\\\/fr\\\/#\\\/schema\\\/logo\\\/image\\\/\",\"url\":\"https:\\\/\\\/climatlantic.ca\\\/wp\\\/wp-content\\\/uploads\\\/2021\\\/07\\\/cropped-Climatlantic_Favicon.png\",\"contentUrl\":\"https:\\\/\\\/climatlantic.ca\\\/wp\\\/wp-content\\\/uploads\\\/2021\\\/07\\\/cropped-Climatlantic_Favicon.png\",\"width\":512,\"height\":512,\"caption\":\"CLIMAtlantic\"},\"image\":{\"@id\":\"https:\\\/\\\/climatlantic.ca\\\/fr\\\/#\\\/schema\\\/logo\\\/image\\\/\"},\"sameAs\":[\"https:\\\/\\\/www.facebook.com\\\/CLIMAtlanticInc\\\/\",\"http:\\\/\\\/instagram.com\\\/climatlantic\",\"https:\\\/\\\/www.linkedin.com\\\/company\\\/climatlantic\\\/\"]}]}<\/script>\n<!-- \/ Yoast SEO plugin. -->","yoast_head_json":{"title":"Croissance de la canop\u00e9e des collectivit\u00e9s canadiennes - CLIMAtlantic","robots":{"index":"index","follow":"follow","max-snippet":"max-snippet:-1","max-image-preview":"max-image-preview:large","max-video-preview":"max-video-preview:-1"},"canonical":"https:\/\/climatlantic.ca\/fr\/outils\/possibilites-financement\/croissance-de-la-canopee-des-collectivites-canadiennes\/","og_locale":"fr_FR","og_type":"article","og_title":"Croissance de la canop\u00e9e des collectivit\u00e9s canadiennes - CLIMAtlantic","og_description":"Croissance de la canop\u00e9e des collectivit\u00e9s canadiennes &nbsp; &nbsp; Ce programme de plantation d\u2019arbres et de foresterie urbaine de la F\u00e9d\u00e9ration canadienne des municipalit\u00e9s vise \u00e0 accro\u00eetre la canop\u00e9e dans les collectivit\u00e9s d\u2019un bout \u00e0 l\u2019autre du Canada.Le programme comporte deux volets de financement : Plantation d\u2019arbres : ce volet appuie les projets de plantation [&hellip;]","og_url":"https:\/\/climatlantic.ca\/fr\/outils\/possibilites-financement\/croissance-de-la-canopee-des-collectivites-canadiennes\/","og_site_name":"CLIMAtlantic","article_publisher":"https:\/\/www.facebook.com\/CLIMAtlanticInc\/","article_modified_time":"2026-04-22T12:53:48+00:00","twitter_card":"summary_large_image","twitter_misc":{"Dur\u00e9e de lecture estim\u00e9e":"2 minutes"},"schema":{"@context":"https:\/\/schema.org","@graph":[{"@type":"WebPage","@id":"https:\/\/climatlantic.ca\/fr\/outils\/possibilites-financement\/croissance-de-la-canopee-des-collectivites-canadiennes\/","url":"https:\/\/climatlantic.ca\/fr\/outils\/possibilites-financement\/croissance-de-la-canopee-des-collectivites-canadiennes\/","name":"Croissance de la canop\u00e9e des collectivit\u00e9s canadiennes - CLIMAtlantic","isPartOf":{"@id":"https:\/\/climatlantic.ca\/fr\/#website"},"datePublished":"2026-01-27T19:38:33+00:00","dateModified":"2026-04-22T12:53:48+00:00","breadcrumb":{"@id":"https:\/\/climatlantic.ca\/fr\/outils\/possibilites-financement\/croissance-de-la-canopee-des-collectivites-canadiennes\/#breadcrumb"},"inLanguage":"fr-FR","potentialAction":[{"@type":"ReadAction","target":["https:\/\/climatlantic.ca\/fr\/outils\/possibilites-financement\/croissance-de-la-canopee-des-collectivites-canadiennes\/"]}]},{"@type":"BreadcrumbList","@id":"https:\/\/climatlantic.ca\/fr\/outils\/possibilites-financement\/croissance-de-la-canopee-des-collectivites-canadiennes\/#breadcrumb","itemListElement":[{"@type":"ListItem","position":1,"name":"Home","item":"https:\/\/climatlantic.ca\/fr\/"},{"@type":"ListItem","position":2,"name":"Outils","item":"https:\/\/climatlantic.ca\/fr\/tools\/"},{"@type":"ListItem","position":3,"name":"Possibilit\u00e9s de financement","item":"https:\/\/climatlantic.ca\/fr\/outils\/possibilites-financement\/"},{"@type":"ListItem","position":4,"name":"Croissance de la canop\u00e9e des collectivit\u00e9s canadiennes"}]},{"@type":"WebSite","@id":"https:\/\/climatlantic.ca\/fr\/#website","url":"https:\/\/climatlantic.ca\/fr\/","name":"Climatlantic","description":"Enhancing Atlantic Climate Resilience","publisher":{"@id":"https:\/\/climatlantic.ca\/fr\/#organization"},"potentialAction":[{"@type":"SearchAction","target":{"@type":"EntryPoint","urlTemplate":"https:\/\/climatlantic.ca\/fr\/?s={search_term_string}"},"query-input":{"@type":"PropertyValueSpecification","valueRequired":true,"valueName":"search_term_string"}}],"inLanguage":"fr-FR"},{"@type":"Organization","@id":"https:\/\/climatlantic.ca\/fr\/#organization","name":"CLIMAtlantic","url":"https:\/\/climatlantic.ca\/fr\/","logo":{"@type":"ImageObject","inLanguage":"fr-FR","@id":"https:\/\/climatlantic.ca\/fr\/#\/schema\/logo\/image\/","url":"https:\/\/climatlantic.ca\/wp\/wp-content\/uploads\/2021\/07\/cropped-Climatlantic_Favicon.png","contentUrl":"https:\/\/climatlantic.ca\/wp\/wp-content\/uploads\/2021\/07\/cropped-Climatlantic_Favicon.png","width":512,"height":512,"caption":"CLIMAtlantic"},"image":{"@id":"https:\/\/climatlantic.ca\/fr\/#\/schema\/logo\/image\/"},"sameAs":["https:\/\/www.facebook.com\/CLIMAtlanticInc\/","http:\/\/instagram.com\/climatlantic","https:\/\/www.linkedin.com\/company\/climatlantic\/"]}]}},"_links":{"self":[{"href":"https:\/\/climatlantic.ca\/fr\/wp-json\/wp\/v2\/pages\/20092","targetHints":{"allow":["GET"]}}],"collection":[{"href":"https:\/\/climatlantic.ca\/fr\/wp-json\/wp\/v2\/pages"}],"about":[{"href":"https:\/\/climatlantic.ca\/fr\/wp-json\/wp\/v2\/types\/page"}],"author":[{"embeddable":true,"href":"https:\/\/climatlantic.ca\/fr\/wp-json\/wp\/v2\/users\/50"}],"replies":[{"embeddable":true,"href":"https:\/\/climatlantic.ca\/fr\/wp-json\/wp\/v2\/comments?post=20092"}],"version-history":[{"count":12,"href":"https:\/\/climatlantic.ca\/fr\/wp-json\/wp\/v2\/pages\/20092\/revisions"}],"predecessor-version":[{"id":23157,"href":"https:\/\/climatlantic.ca\/fr\/wp-json\/wp\/v2\/pages\/20092\/revisions\/23157"}],"up":[{"embeddable":true,"href":"https:\/\/climatlantic.ca\/fr\/wp-json\/wp\/v2\/pages\/7052"}],"wp:attachment":[{"href":"https:\/\/climatlantic.ca\/fr\/wp-json\/wp\/v2\/media?parent=20092"}],"wp:term":[{"taxonomy":"category","embeddable":true,"href":"https:\/\/climatlantic.ca\/fr\/wp-json\/wp\/v2\/categories?post=20092"},{"taxonomy":"post_tag","embeddable":true,"href":"https:\/\/climatlantic.ca\/fr\/wp-json\/wp\/v2\/tags?post=20092"}],"curies":[{"name":"wp","href":"https:\/\/api.w.org\/{rel}","templated":true}]}}