
{"id":20223,"date":"2026-02-02T15:16:17","date_gmt":"2026-02-02T19:16:17","guid":{"rendered":"https:\/\/climatlantic.ca\/?page_id=20223"},"modified":"2026-02-18T07:50:17","modified_gmt":"2026-02-18T11:50:17","slug":"le-fonds-de-resilience","status":"publish","type":"page","link":"https:\/\/climatlantic.ca\/fr\/outils\/possibilites-financement\/le-fonds-de-resilience\/","title":{"rendered":"Le Fonds de r\u00e9silience"},"content":{"rendered":"<p>[et_pb_section fb_built=&#8221;1&#8243; _builder_version=&#8221;4.21.0&#8243; _module_preset=&#8221;default&#8221; da_disable_devices=&#8221;off|off|off&#8221; global_colors_info=&#8221;{}&#8221; da_is_popup=&#8221;off&#8221; da_exit_intent=&#8221;off&#8221; da_has_close=&#8221;on&#8221; da_alt_close=&#8221;off&#8221; da_dark_close=&#8221;off&#8221; da_not_modal=&#8221;on&#8221; da_is_singular=&#8221;off&#8221; da_with_loader=&#8221;off&#8221; da_has_shadow=&#8221;on&#8221;][et_pb_row _builder_version=&#8221;4.21.0&#8243; _module_preset=&#8221;default&#8221; global_colors_info=&#8221;{}&#8221;][et_pb_column type=&#8221;4_4&#8243; _builder_version=&#8221;4.21.0&#8243; _module_preset=&#8221;default&#8221; global_colors_info=&#8221;{}&#8221;][et_pb_image src=&#8221;https:\/\/climatlantic.ca\/wp\/wp-content\/uploads\/2026\/02\/resilience-fund-youth-banner.png&#8221; alt=&#8221;Six personnes s&#8217;\u00e9loignant de la cam\u00e9ra en direction de la c\u00f4te en hiver&#8221; title_text=&#8221;resilience-fund-youth-banner&#8221; url=&#8221;https:\/\/www.croixrouge.ca\/sa\/fonds-de-resilience-les-jeunes-font-la-difference?_gl=1*1wlbt53*_gcl_au*MTAxOTQ1NzE2Ny4xNzY5NTE5NzI1*_ga*MTM0ODg1MzEwNy4xNzY5NTE5NzI2*_ga_376D8LHM0R*czE3Njk1MTk3MjUkbzEkZzEkdDE3Njk1MjExNjIkajQ5JGwwJGg5OTkwMjU1ODI.*_fplc*R0ZDJTJGb1JpOHU1dHBaSVlIZmJ3ME9UYnBPZlh1Q090cjVnQUR4QXlneDVVc083VGRPSWs4bzMlMkZmNGxWMjBDM2l0Qkhuc05YNTZmbnRpN0ZXTTZ5JTJGZzhIVXdCJTJGQldXcyUyRkg3R09SUEpEU1drRTZTVHd1TDRJaUREcU5OayUyRm1RJTNEJTNE&#8221; url_new_window=&#8221;on&#8221; align=&#8221;center&#8221; _builder_version=&#8221;4.27.5&#8243; _module_preset=&#8221;default&#8221; max_width=&#8221;100%&#8221; custom_margin=&#8221;||12px||false|false&#8221; custom_padding=&#8221;|||0px||&#8221; global_colors_info=&#8221;{}&#8221;][\/et_pb_image][et_pb_text _builder_version=&#8221;4.27.5&#8243; _module_preset=&#8221;default&#8221; link_option_url_new_window=&#8221;on&#8221; global_colors_info=&#8221;{}&#8221;]<\/p>\n<div class=\"et_pb_column et_pb_column_4_4 et_pb_column_19  et_pb_css_mix_blend_mode_passthrough et-last-child\">\n<div class=\"et_pb_module et_pb_text et_pb_text_18  et_pb_text_align_left et_pb_bg_layout_light\">\n<h4 class=\"et_pb_text_inner\"><span style=\"text-decoration: underline;\"><a href=\"https:\/\/www.croixrouge.ca\/sa\/fonds-de-resilience-les-jeunes-font-la-difference?_gl=1*1wlbt53*_gcl_au*MTAxOTQ1NzE2Ny4xNzY5NTE5NzI1*_ga*MTM0ODg1MzEwNy4xNzY5NTE5NzI2*_ga_376D8LHM0R*czE3Njk1MTk3MjUkbzEkZzEkdDE3Njk1MjExNjIkajQ5JGwwJGg5OTkwMjU1ODI.*_fplc*R0ZDJTJGb1JpOHU1dHBaSVlIZmJ3ME9UYnBPZlh1Q090cjVnQUR4QXlneDVVc083VGRPSWs4bzMlMkZmNGxWMjBDM2l0Qkhuc05YNTZmbnRpN0ZXTTZ5JTJGZzhIVXdCJTJGQldXcyUyRkg3R09SUEpEU1drRTZTVHd1TDRJaUREcU5OayUyRm1RJTNEJTNE\" target=\"_blank\" rel=\"noopener\"><strong>Le Fonds de r\u00e9silience<\/strong><\/a><\/span><\/h4>\n<p class=\"et_pb_text_inner\">Dirig\u00e9 par la Croix-Rouge, ce fonds offre jusqu\u2019\u00e0 5 000 dollars aux jeunes \u00e2g\u00e9s de 16 \u00e0 30 ans pour planifier et r\u00e9aliser des projets visant \u00e0 accro\u00eetre la r\u00e9silience et la s\u00e9curit\u00e9 de la communaut\u00e9. Ce financement permet de mener \u00e0 bien un large \u00e9ventail de projets, notamment ceux qui abordent des enjeux climatiques, comme la cr\u00e9ation d\u2019un jardin communautaire ou la pr\u00e9paration de trousses d\u2019urgence pour la maison.<\/p>\n<p class=\"et_pb_text_inner\"><span>Les candidatures devaient \u00eatre d\u00e9pos\u00e9es avant<\/span> le 12 f\u00e9vrier 2026.<\/p>\n<p class=\"et_pb_text_inner\">\n<\/div>\n<\/div>\n<p>[\/et_pb_text][et_pb_button button_url=&#8221;@ET-DC@eyJkeW5hbWljIjp0cnVlLCJjb250ZW50IjoicG9zdF9saW5rX3VybF9wYWdlIiwic2V0dGluZ3MiOnsicG9zdF9pZCI6IjY2ODIifX0=@&#8221; button_text=&#8221;RETOUR AUX OPPORTUNIT\u00c9S DE FINANCEMENT&#8221; _builder_version=&#8221;4.27.5&#8243; _dynamic_attributes=&#8221;button_url&#8221; _module_preset=&#8221;default&#8221; custom_margin=&#8221;-12px||||false|false&#8221; custom_padding=&#8221;||||false|false&#8221; global_colors_info=&#8221;{}&#8221;][\/et_pb_button][\/et_pb_column][\/et_pb_row][\/et_pb_section]<\/p>\n","protected":false},"excerpt":{"rendered":"<p>Le Fonds de r\u00e9silience Dirig\u00e9 par la Croix-Rouge, ce fonds offre jusqu\u2019\u00e0 5 000 dollars aux jeunes \u00e2g\u00e9s de 16 \u00e0 30 ans pour planifier et r\u00e9aliser des projets visant \u00e0 accro\u00eetre la r\u00e9silience et la s\u00e9curit\u00e9 de la communaut\u00e9. Ce financement permet de mener \u00e0 bien un large \u00e9ventail de projets, notamment ceux qui [&hellip;]<\/p>\n","protected":false},"author":50,"featured_media":0,"parent":7052,"menu_order":0,"comment_status":"closed","ping_status":"closed","template":"","meta":{"_acf_changed":false,"_et_pb_use_builder":"on","_et_pb_old_content":"","_et_gb_content_width":"","footnotes":""},"categories":[],"tags":[],"class_list":["post-20223","page","type-page","status-publish","hentry"],"acf":[],"yoast_head":"<!-- This site is optimized with the Yoast SEO plugin v27.5 - https:\/\/yoast.com\/product\/yoast-seo-wordpress\/ -->\n<title>Le Fonds de r\u00e9silience - CLIMAtlantic<\/title>\n<meta name=\"robots\" content=\"index, follow, max-snippet:-1, max-image-preview:large, max-video-preview:-1\" \/>\n<link rel=\"canonical\" href=\"https:\/\/climatlantic.ca\/fr\/outils\/possibilites-financement\/le-fonds-de-resilience\/\" \/>\n<meta property=\"og:locale\" content=\"fr_FR\" \/>\n<meta property=\"og:type\" content=\"article\" \/>\n<meta property=\"og:title\" content=\"Le Fonds de r\u00e9silience - CLIMAtlantic\" \/>\n<meta property=\"og:description\" content=\"Le Fonds de r\u00e9silience Dirig\u00e9 par la Croix-Rouge, ce fonds offre jusqu\u2019\u00e0 5 000 dollars aux jeunes \u00e2g\u00e9s de 16 \u00e0 30 ans pour planifier et r\u00e9aliser des projets visant \u00e0 accro\u00eetre la r\u00e9silience et la s\u00e9curit\u00e9 de la communaut\u00e9. Ce financement permet de mener \u00e0 bien un large \u00e9ventail de projets, notamment ceux qui [&hellip;]\" \/>\n<meta property=\"og:url\" content=\"https:\/\/climatlantic.ca\/fr\/outils\/possibilites-financement\/le-fonds-de-resilience\/\" \/>\n<meta property=\"og:site_name\" content=\"CLIMAtlantic\" \/>\n<meta property=\"article:publisher\" content=\"https:\/\/www.facebook.com\/CLIMAtlanticInc\/\" \/>\n<meta property=\"article:modified_time\" content=\"2026-02-18T11:50:17+00:00\" \/>\n<meta name=\"twitter:card\" content=\"summary_large_image\" \/>\n<meta name=\"twitter:label1\" content=\"Dur\u00e9e de lecture estim\u00e9e\" \/>\n\t<meta name=\"twitter:data1\" content=\"2 minutes\" \/>\n<script type=\"application\/ld+json\" class=\"yoast-schema-graph\">{\"@context\":\"https:\\\/\\\/schema.org\",\"@graph\":[{\"@type\":\"WebPage\",\"@id\":\"https:\\\/\\\/climatlantic.ca\\\/fr\\\/outils\\\/possibilites-financement\\\/le-fonds-de-resilience\\\/\",\"url\":\"https:\\\/\\\/climatlantic.ca\\\/fr\\\/outils\\\/possibilites-financement\\\/le-fonds-de-resilience\\\/\",\"name\":\"Le Fonds de r\u00e9silience - CLIMAtlantic\",\"isPartOf\":{\"@id\":\"https:\\\/\\\/climatlantic.ca\\\/fr\\\/#website\"},\"datePublished\":\"2026-02-02T19:16:17+00:00\",\"dateModified\":\"2026-02-18T11:50:17+00:00\",\"breadcrumb\":{\"@id\":\"https:\\\/\\\/climatlantic.ca\\\/fr\\\/outils\\\/possibilites-financement\\\/le-fonds-de-resilience\\\/#breadcrumb\"},\"inLanguage\":\"fr-FR\",\"potentialAction\":[{\"@type\":\"ReadAction\",\"target\":[\"https:\\\/\\\/climatlantic.ca\\\/fr\\\/outils\\\/possibilites-financement\\\/le-fonds-de-resilience\\\/\"]}]},{\"@type\":\"BreadcrumbList\",\"@id\":\"https:\\\/\\\/climatlantic.ca\\\/fr\\\/outils\\\/possibilites-financement\\\/le-fonds-de-resilience\\\/#breadcrumb\",\"itemListElement\":[{\"@type\":\"ListItem\",\"position\":1,\"name\":\"Home\",\"item\":\"https:\\\/\\\/climatlantic.ca\\\/fr\\\/\"},{\"@type\":\"ListItem\",\"position\":2,\"name\":\"Outils\",\"item\":\"https:\\\/\\\/climatlantic.ca\\\/fr\\\/tools\\\/\"},{\"@type\":\"ListItem\",\"position\":3,\"name\":\"Possibilit\u00e9s de financement\",\"item\":\"https:\\\/\\\/climatlantic.ca\\\/fr\\\/outils\\\/possibilites-financement\\\/\"},{\"@type\":\"ListItem\",\"position\":4,\"name\":\"Le Fonds de r\u00e9silience\"}]},{\"@type\":\"WebSite\",\"@id\":\"https:\\\/\\\/climatlantic.ca\\\/fr\\\/#website\",\"url\":\"https:\\\/\\\/climatlantic.ca\\\/fr\\\/\",\"name\":\"Climatlantic\",\"description\":\"Enhancing Atlantic Climate Resilience\",\"publisher\":{\"@id\":\"https:\\\/\\\/climatlantic.ca\\\/fr\\\/#organization\"},\"potentialAction\":[{\"@type\":\"SearchAction\",\"target\":{\"@type\":\"EntryPoint\",\"urlTemplate\":\"https:\\\/\\\/climatlantic.ca\\\/fr\\\/?s={search_term_string}\"},\"query-input\":{\"@type\":\"PropertyValueSpecification\",\"valueRequired\":true,\"valueName\":\"search_term_string\"}}],\"inLanguage\":\"fr-FR\"},{\"@type\":\"Organization\",\"@id\":\"https:\\\/\\\/climatlantic.ca\\\/fr\\\/#organization\",\"name\":\"CLIMAtlantic\",\"url\":\"https:\\\/\\\/climatlantic.ca\\\/fr\\\/\",\"logo\":{\"@type\":\"ImageObject\",\"inLanguage\":\"fr-FR\",\"@id\":\"https:\\\/\\\/climatlantic.ca\\\/fr\\\/#\\\/schema\\\/logo\\\/image\\\/\",\"url\":\"https:\\\/\\\/climatlantic.ca\\\/wp\\\/wp-content\\\/uploads\\\/2021\\\/07\\\/cropped-Climatlantic_Favicon.png\",\"contentUrl\":\"https:\\\/\\\/climatlantic.ca\\\/wp\\\/wp-content\\\/uploads\\\/2021\\\/07\\\/cropped-Climatlantic_Favicon.png\",\"width\":512,\"height\":512,\"caption\":\"CLIMAtlantic\"},\"image\":{\"@id\":\"https:\\\/\\\/climatlantic.ca\\\/fr\\\/#\\\/schema\\\/logo\\\/image\\\/\"},\"sameAs\":[\"https:\\\/\\\/www.facebook.com\\\/CLIMAtlanticInc\\\/\",\"http:\\\/\\\/instagram.com\\\/climatlantic\",\"https:\\\/\\\/www.linkedin.com\\\/company\\\/climatlantic\\\/\"]}]}<\/script>\n<!-- \/ Yoast SEO plugin. -->","yoast_head_json":{"title":"Le Fonds de r\u00e9silience - CLIMAtlantic","robots":{"index":"index","follow":"follow","max-snippet":"max-snippet:-1","max-image-preview":"max-image-preview:large","max-video-preview":"max-video-preview:-1"},"canonical":"https:\/\/climatlantic.ca\/fr\/outils\/possibilites-financement\/le-fonds-de-resilience\/","og_locale":"fr_FR","og_type":"article","og_title":"Le Fonds de r\u00e9silience - CLIMAtlantic","og_description":"Le Fonds de r\u00e9silience Dirig\u00e9 par la Croix-Rouge, ce fonds offre jusqu\u2019\u00e0 5 000 dollars aux jeunes \u00e2g\u00e9s de 16 \u00e0 30 ans pour planifier et r\u00e9aliser des projets visant \u00e0 accro\u00eetre la r\u00e9silience et la s\u00e9curit\u00e9 de la communaut\u00e9. Ce financement permet de mener \u00e0 bien un large \u00e9ventail de projets, notamment ceux qui [&hellip;]","og_url":"https:\/\/climatlantic.ca\/fr\/outils\/possibilites-financement\/le-fonds-de-resilience\/","og_site_name":"CLIMAtlantic","article_publisher":"https:\/\/www.facebook.com\/CLIMAtlanticInc\/","article_modified_time":"2026-02-18T11:50:17+00:00","twitter_card":"summary_large_image","twitter_misc":{"Dur\u00e9e de lecture estim\u00e9e":"2 minutes"},"schema":{"@context":"https:\/\/schema.org","@graph":[{"@type":"WebPage","@id":"https:\/\/climatlantic.ca\/fr\/outils\/possibilites-financement\/le-fonds-de-resilience\/","url":"https:\/\/climatlantic.ca\/fr\/outils\/possibilites-financement\/le-fonds-de-resilience\/","name":"Le Fonds de r\u00e9silience - CLIMAtlantic","isPartOf":{"@id":"https:\/\/climatlantic.ca\/fr\/#website"},"datePublished":"2026-02-02T19:16:17+00:00","dateModified":"2026-02-18T11:50:17+00:00","breadcrumb":{"@id":"https:\/\/climatlantic.ca\/fr\/outils\/possibilites-financement\/le-fonds-de-resilience\/#breadcrumb"},"inLanguage":"fr-FR","potentialAction":[{"@type":"ReadAction","target":["https:\/\/climatlantic.ca\/fr\/outils\/possibilites-financement\/le-fonds-de-resilience\/"]}]},{"@type":"BreadcrumbList","@id":"https:\/\/climatlantic.ca\/fr\/outils\/possibilites-financement\/le-fonds-de-resilience\/#breadcrumb","itemListElement":[{"@type":"ListItem","position":1,"name":"Home","item":"https:\/\/climatlantic.ca\/fr\/"},{"@type":"ListItem","position":2,"name":"Outils","item":"https:\/\/climatlantic.ca\/fr\/tools\/"},{"@type":"ListItem","position":3,"name":"Possibilit\u00e9s de financement","item":"https:\/\/climatlantic.ca\/fr\/outils\/possibilites-financement\/"},{"@type":"ListItem","position":4,"name":"Le Fonds de r\u00e9silience"}]},{"@type":"WebSite","@id":"https:\/\/climatlantic.ca\/fr\/#website","url":"https:\/\/climatlantic.ca\/fr\/","name":"Climatlantic","description":"Enhancing Atlantic Climate Resilience","publisher":{"@id":"https:\/\/climatlantic.ca\/fr\/#organization"},"potentialAction":[{"@type":"SearchAction","target":{"@type":"EntryPoint","urlTemplate":"https:\/\/climatlantic.ca\/fr\/?s={search_term_string}"},"query-input":{"@type":"PropertyValueSpecification","valueRequired":true,"valueName":"search_term_string"}}],"inLanguage":"fr-FR"},{"@type":"Organization","@id":"https:\/\/climatlantic.ca\/fr\/#organization","name":"CLIMAtlantic","url":"https:\/\/climatlantic.ca\/fr\/","logo":{"@type":"ImageObject","inLanguage":"fr-FR","@id":"https:\/\/climatlantic.ca\/fr\/#\/schema\/logo\/image\/","url":"https:\/\/climatlantic.ca\/wp\/wp-content\/uploads\/2021\/07\/cropped-Climatlantic_Favicon.png","contentUrl":"https:\/\/climatlantic.ca\/wp\/wp-content\/uploads\/2021\/07\/cropped-Climatlantic_Favicon.png","width":512,"height":512,"caption":"CLIMAtlantic"},"image":{"@id":"https:\/\/climatlantic.ca\/fr\/#\/schema\/logo\/image\/"},"sameAs":["https:\/\/www.facebook.com\/CLIMAtlanticInc\/","http:\/\/instagram.com\/climatlantic","https:\/\/www.linkedin.com\/company\/climatlantic\/"]}]}},"_links":{"self":[{"href":"https:\/\/climatlantic.ca\/fr\/wp-json\/wp\/v2\/pages\/20223","targetHints":{"allow":["GET"]}}],"collection":[{"href":"https:\/\/climatlantic.ca\/fr\/wp-json\/wp\/v2\/pages"}],"about":[{"href":"https:\/\/climatlantic.ca\/fr\/wp-json\/wp\/v2\/types\/page"}],"author":[{"embeddable":true,"href":"https:\/\/climatlantic.ca\/fr\/wp-json\/wp\/v2\/users\/50"}],"replies":[{"embeddable":true,"href":"https:\/\/climatlantic.ca\/fr\/wp-json\/wp\/v2\/comments?post=20223"}],"version-history":[{"count":8,"href":"https:\/\/climatlantic.ca\/fr\/wp-json\/wp\/v2\/pages\/20223\/revisions"}],"predecessor-version":[{"id":20555,"href":"https:\/\/climatlantic.ca\/fr\/wp-json\/wp\/v2\/pages\/20223\/revisions\/20555"}],"up":[{"embeddable":true,"href":"https:\/\/climatlantic.ca\/fr\/wp-json\/wp\/v2\/pages\/7052"}],"wp:attachment":[{"href":"https:\/\/climatlantic.ca\/fr\/wp-json\/wp\/v2\/media?parent=20223"}],"wp:term":[{"taxonomy":"category","embeddable":true,"href":"https:\/\/climatlantic.ca\/fr\/wp-json\/wp\/v2\/categories?post=20223"},{"taxonomy":"post_tag","embeddable":true,"href":"https:\/\/climatlantic.ca\/fr\/wp-json\/wp\/v2\/tags?post=20223"}],"curies":[{"name":"wp","href":"https:\/\/api.w.org\/{rel}","templated":true}]}}